{"id":19,"date":"2011-11-05T19:52:46","date_gmt":"2011-11-05T19:52:46","guid":{"rendered":"http:\/\/tag-der-erfinder.de\/?page_id=19"},"modified":"2025-05-27T09:46:34","modified_gmt":"2025-05-27T09:46:34","slug":"impressum","status":"publish","type":"page","link":"https:\/\/tag-der-erfinder.de\/?page_id=19","title":{"rendered":"Impressum"},"content":{"rendered":"<p><strong>Impressum:<\/strong><\/p>\n<p><a href=\"http:\/\/www.xing.com\/profile\/marijan_jordan\" target=\"_blank\" rel=\"me noopener noreferrer\">Marijan Jordan<\/a> und <a href=\"http:\/\/www.xing.com\/profile\/gerhard_muthenthaler\" target=\"_blank\" rel=\"me noopener noreferrer\">Gerhard Muthenthaler<\/a><br \/>\nKolonnenstr. 8<br \/>\n10827 Berlin<\/p>\n<p>Kontakt:<br \/>\nemail: <a href=\"mailto:office@tag-der-erfinder.de\">office@tag-der-erfinder.de<\/a><\/p>\n<p>Idee, Grafik, Konzeption und Realisierung:<br \/>\nJordan und Muthenthaler \/ Berlin, 2005-2025<\/p>\n<p>Haftungsausschluss:<br \/>\nF\u00fcr den Inhalt verlinkter Internetseiten wird keine Verantwortung \u00fcbernommen. Wir betonen ausdr\u00fccklich, dass wir keinen Einfluss auf die Gestaltung und den Inhalt der Seiten haben, auf die verlinkt wird. Wir k\u00f6nnen daher auch keine Gew\u00e4hr f\u00fcr die Aktualit\u00e4t, Korrektheit, Vollst\u00e4ndigkeit oder Qualit\u00e4t der dort bereitgestellten Informationen \u00fcbernehmen. Daher distanzieren wir uns hiermit ausdr\u00fccklich von allen Inhalten dieser Seiten. Diese Erkl\u00e4rung gilt f\u00fcr alle auf dieser Seite enthaltenen Links zu externen Seiten und allen Inhalte dieser Seiten, zu denen diese Links f\u00fchren.<\/p>\n","protected":false},"excerpt":{"rendered":"<p>Impressum: Marijan Jordan und Gerhard Muthenthaler Kolonnenstr. 8 10827 Berlin Kontakt: email: office@tag-der-erfinder.de Idee, Grafik, Konzeption und Realisierung: Jordan und Muthenthaler \/ Berlin, 2005-2025 Haftungsausschluss: F\u00fcr den Inhalt verlinkter Internetseiten wird keine Verantwortung \u00fcbernommen. Wir betonen ausdr\u00fccklich, dass wir keinen Einfluss auf die Gestaltung und den Inhalt der Seiten haben, auf die verlinkt wird. Wir &hellip; <\/p>\n<p class=\"link-more\"><a href=\"https:\/\/tag-der-erfinder.de\/?page_id=19\" class=\"more-link\">Mehr <span class=\"screen-reader-text\">\u00fcber &#8222;Impressum&#8220; <\/span>Lesen<\/a><\/p>\n","protected":false},"author":3,"featured_media":0,"parent":0,"menu_order":0,"comment_status":"closed","ping_status":"closed","template":"","meta":{"footnotes":""},"class_list":["post-19","page","type-page","status-publish","hentry"],"_links":{"self":[{"href":"https:\/\/tag-der-erfinder.de\/index.php?rest_route=\/wp\/v2\/pages\/19","targetHints":{"allow":["GET"]}}],"collection":[{"href":"https:\/\/tag-der-erfinder.de\/index.php?rest_route=\/wp\/v2\/pages"}],"about":[{"href":"https:\/\/tag-der-erfinder.de\/index.php?rest_route=\/wp\/v2\/types\/page"}],"author":[{"embeddable":true,"href":"https:\/\/tag-der-erfinder.de\/index.php?rest_route=\/wp\/v2\/users\/3"}],"replies":[{"embeddable":true,"href":"https:\/\/tag-der-erfinder.de\/index.php?rest_route=%2Fwp%2Fv2%2Fcomments&post=19"}],"version-history":[{"count":18,"href":"https:\/\/tag-der-erfinder.de\/index.php?rest_route=\/wp\/v2\/pages\/19\/revisions"}],"predecessor-version":[{"id":2613,"href":"https:\/\/tag-der-erfinder.de\/index.php?rest_route=\/wp\/v2\/pages\/19\/revisions\/2613"}],"wp:attachment":[{"href":"https:\/\/tag-der-erfinder.de\/index.php?rest_route=%2Fwp%2Fv2%2Fmedia&parent=19"}],"curies":[{"name":"wp","href":"https:\/\/api.w.org\/{rel}","templated":true}]}}